{"id":291,"date":"2017-08-02T09:59:51","date_gmt":"2017-08-02T07:59:51","guid":{"rendered":"http:\/\/site-test.centredialogue.be\/?page_id=291"},"modified":"2022-12-03T14:21:17","modified_gmt":"2022-12-03T13:21:17","slug":"adeline-baert-logopede","status":"publish","type":"page","link":"https:\/\/www.centredialogue.be\/index.php\/adeline-baert-logopede\/","title":{"rendered":"Adeline Baert &#8211; Logop\u00e8de"},"content":{"rendered":"<h4>Titre&nbsp;:<\/h4>\n<p><img loading=\"lazy\" decoding=\"async\" class=\"team-pic alignright wp-image-445 size-medium\" src=\"https:\/\/www.centredialogue.be\/wp-content\/uploads\/2017\/08\/Adeline-Baert-Logopede-II-225x300.jpg\" alt=\"\" width=\"225\" height=\"300\" srcset=\"https:\/\/www.centredialogue.be\/wp-content\/uploads\/2017\/08\/Adeline-Baert-Logopede-II-225x300.jpg 225w, https:\/\/www.centredialogue.be\/wp-content\/uploads\/2017\/08\/Adeline-Baert-Logopede-II-768x1024.jpg 768w, https:\/\/www.centredialogue.be\/wp-content\/uploads\/2017\/08\/Adeline-Baert-Logopede-II-285x380.jpg 285w, https:\/\/www.centredialogue.be\/wp-content\/uploads\/2017\/08\/Adeline-Baert-Logopede-II.jpg 1836w\" sizes=\"auto, (max-width: 225px) 100vw, 225px\" \/>Dipl\u00f4m\u00e9e de l\u2019Universit\u00e9 de Li\u00e8ge, je travaille en tant que logop\u00e8de ind\u00e9pendante dans mon cabinet priv\u00e9, situ\u00e9 \u00e0 Soumagne (Centre Dialogue). Je travaille \u00e9galement en tant que clinicienne \u00e0 la Clinique Psychologique et Logop\u00e9dique de l\u2019Universit\u00e9 de Li\u00e8ge (CPLU).<\/p>\n<p>Passionn\u00e9e par les neurosciences, j\u2019ai r\u00e9alis\u00e9 mon Master dans la finalit\u00e9 \u00ab&nbsp;Neuropsychologie du langage et troubles des apprentissages verbaux&nbsp;\u00bb. Je continue \u00e9galement \u00e0 me former r\u00e9guli\u00e8rement en participant \u00e0 des formations continues dans divers domaines afin d\u2019enrichir mes connaissances.<\/p>\n<h4>Consultations&nbsp;:<\/h4>\n<p>Je me tiens \u00e0 votre disposition pour r\u00e9aliser un bilan logop\u00e9dique afin d\u2019\u00e9valuer de fa\u00e7on personnalis\u00e9e les difficult\u00e9s rencontr\u00e9es. Si un suivi logop\u00e9dique s\u2019av\u00e8re n\u00e9cessaire, il me tiendra \u00e0 c\u0153ur d\u2019\u00e9tablir avec vous un projet th\u00e9rapeutique unique afin de surmonter ces difficult\u00e9s.<\/p>\n<p>Plus pr\u00e9cis\u00e9ment, je prends en charge les pathologies suivantes&nbsp;:<\/p>\n<p>Chez l\u2019enfant&nbsp;et l\u2019adolescent :<\/p>\n<ul>\n<li>Retard de langage et de parole<\/li>\n<li>Dysphasie<\/li>\n<li>Dyslexie<\/li>\n<li>Dysorthographie<\/li>\n<li>Troubles attentionnels, ex\u00e9cutifs et mn\u00e9siques<\/li>\n<\/ul>\n<p>Chez l\u2019adulte&nbsp;:<\/p>\n<ul>\n<li>Aphasie<\/li>\n<li>Troubles attentionnels, ex\u00e9cutifs et mn\u00e9siques<\/li>\n<li>Troubles de la d\u00e9glutition<\/li>\n<\/ul>\n<h4>Contact&nbsp;:<\/h4>\n<p>Je vous re\u00e7ois sur rendez-vous les mardis et jeudis<\/p>\n<p>\ud83d\udcde 0499\/113709<\/p>\n","protected":false},"excerpt":{"rendered":"<p>Titre&nbsp;: Dipl\u00f4m\u00e9e de l\u2019Universit\u00e9 de Li\u00e8ge, je travaille en tant que logop\u00e8de ind\u00e9pendante dans mon cabinet priv\u00e9, situ\u00e9 \u00e0 Soumagne (Centre Dialogue). Je travaille \u00e9galement en tant que clinicienne \u00e0 la Clinique Psychologique et Logop\u00e9dique de l\u2019Universit\u00e9 de Li\u00e8ge (CPLU). Passionn\u00e9e par les neurosciences, j\u2019ai r\u00e9alis\u00e9 mon Master dans la finalit\u00e9 \u00ab&nbsp;Neuropsychologie du langage et [&hellip;]<\/p>\n","protected":false},"author":1,"featured_media":0,"parent":0,"menu_order":0,"comment_status":"closed","ping_status":"closed","template":"","meta":{"footnotes":""},"class_list":["post-291","page","type-page","status-publish","hentry","without-featured-image"],"_links":{"self":[{"href":"https:\/\/www.centredialogue.be\/index.php\/wp-json\/wp\/v2\/pages\/291","targetHints":{"allow":["GET"]}}],"collection":[{"href":"https:\/\/www.centredialogue.be\/index.php\/wp-json\/wp\/v2\/pages"}],"about":[{"href":"https:\/\/www.centredialogue.be\/index.php\/wp-json\/wp\/v2\/types\/page"}],"author":[{"embeddable":true,"href":"https:\/\/www.centredialogue.be\/index.php\/wp-json\/wp\/v2\/users\/1"}],"replies":[{"embeddable":true,"href":"https:\/\/www.centredialogue.be\/index.php\/wp-json\/wp\/v2\/comments?post=291"}],"version-history":[{"count":15,"href":"https:\/\/www.centredialogue.be\/index.php\/wp-json\/wp\/v2\/pages\/291\/revisions"}],"predecessor-version":[{"id":1033,"href":"https:\/\/www.centredialogue.be\/index.php\/wp-json\/wp\/v2\/pages\/291\/revisions\/1033"}],"wp:attachment":[{"href":"https:\/\/www.centredialogue.be\/index.php\/wp-json\/wp\/v2\/media?parent=291"}],"curies":[{"name":"wp","href":"https:\/\/api.w.org\/{rel}","templated":true}]}}